{"version":"1.0","provider_name":"AnZo","provider_url":"https:\/\/anzo.cafeblog.hu","author_name":"M\u00fcller Anna","author_url":"https:\/\/anzo.cafeblog.hu\/author\/muller_anna\/","title":"Az \u0150rangyalom","html":"<p>\u00a0 \u00a0 \u00a0 \u00a0 \u00a0<img class=\"alignnone size-full wp-image-98\" src=\"https:\/\/anzo.cafeblog.hu\/files\/2017\/11\/kedvenc.jpg\" alt=\"\" width=\"259\" height=\"194\" \/><\/p>\r\n<p>\u00a0 \u00a0 \u00a0 \u00a0 \u00a0K\u00f6zel \u00f6t \u00e9vnek kellett eltelnie, hogy le tudjam tiszt\u00e1zni magamban mindazokat az esem\u00e9nyeket, melyek r\u00e1vil\u00e1g\u00edtottak arra, hogy az \u00e9letem esem\u00e9nyei szoros \u00f6sszef\u00fcgg\u00e9sben vannak \u00e9desany\u00e1mmal, az \u0151 hal\u00e1l\u00e1val \u00e9s felt\u00e1mad\u00e1s\u00e1val.\u00a0<\/p>\r\n<p>\u00a0 \u00a0 \u00a0 \u00a0 \u00a0 \u00a0Most, hogy spiritu\u00e1lis szemmel n\u00e9zem a vil\u00e1got, sok mindent meg\u00e9rtettem magammal \u00e9s a sz\u00fcleimmel, de legf\u0151k\u00e9pp az \u00e9desany\u00e1mmal kapcsolatban. Ezeket a tapasztalatokat \u00e9s meger\u0151s\u00edt\u00e9seket szeretn\u00e9m most megosztani veletek, vigaszt ny\u00fajtva mindazoknak, akik gy\u00e1szukat \u00e9lik. Rem\u00e9lve, hogy sokan r\u00e1\u00e9brednek, az \u00e9let \u00d6r\u00f6k, \u00e9s nem \u00e1ll meg, a test elm\u00fal\u00e1s\u00e1val.\u00a0<\/p>\r\n<p>\u00a0 \u00a0 \u00a0 \u00a0 Az \u00e9n dr\u00e1m\u00e1m 2014-ben kezd\u0151d\u00f6tt, amikor is az akkori \u00e9letvitelem egyenes \u00fat volt a pokolba. R\u00e1szoktam a drogokra, az \u0151si mesters\u00e9ggel pr\u00f3b\u00e1ltam eltartani a csal\u00e1domat, vesz\u00e9lyeztetve ezzel mindent magam k\u00f6r\u00fcl. Olyan gyorsan robogtam lefel\u00e9, hogy semmit sem fogtam fel abb\u00f3l, ami k\u00f6r\u00fcl\u00f6ttem zajlik, a figyelmeztet\u00e9sek ellen\u00e9re sem. Ekkor sokszor tettem meg azt, hogy ha l\u00e1ttam, hogy \u00e9desany\u00e1m h\u00edv telefonon, levettem a hangj\u00e1t, \u00e9s nem vettem fel neki. Gondolv\u00e1n jobb neki, ha nem tudja mi van velem.\u00a0 Most mit nem adn\u00e9k, ha h\u00edvna.... Ezzel egy id\u0151ben, ahogy sz\u00e1guldottam az \u00f6sszeoml\u00e1s fel\u00e9, \u00e9desany\u00e1m egyre betegebb lett. \u0150sz v\u00e9g\u00e9n Stroke-ot kapott, leb\u00e9nult a f\u00e9l oldala \u00e9s nem tudott besz\u00e9lni, de t\u00fal\u00e9lte. Ekkor \u00e9n a \"Nagyv\u00e1rosban\" \u00e9ltem, \u0151k pedig majd k\u00e9tsz\u00e1z kilom\u00e9terre t\u0151lem. A m\u00e1r am\u00fagy is romokban hever\u0151 \u00e9letembe ez az esem\u00e9ny atombombak\u00e9nt robban bele. Elmentem hozz\u00e1 a k\u00f3rh\u00e1zba, majd amikor megl\u00e1ttuk egym\u00e1st s\u00edrva \u00f6lelkezt\u00fcnk, \u00e9s azt mondta nekem. \" Azt hittem nem l\u00e1tlak t\u00f6bbet....\" a sz\u00edvem majd megszakadt, de itt el\u0151sz\u00f6r \u00e9reztem azt, hogy mi szavak n\u00e9lk\u00fcl is \u00e9rtj\u00fck egym\u00e1st. A k\u00f6vetkez\u0151 h\u00f3napokban minden \u00f6sszeomlott. Kics\u00faszott a l\u00e1bam al\u00f3l a talaj, \u00e9s rengeteg olyan d\u00f6nt\u00e9st hoztam, amelyre nem vagyok b\u00fcszke. K\u00f6vetkez\u0151 \u00e9v tavasz\u00e1n rendk\u00edv\u00fcl rossz \u00e1llapotban voltam m\u00e1r am\u00fagy is, a b\u0171ntudat leh\u00faz\u00e1sa, a d\u00f6nt\u00e9seim k\u00f6vetkezm\u00e9nyei \u00e9s a k\u00f6rnyezetem nyom\u00e1sa hat\u00e1s\u00e1ra, hogy \u00e9desany\u00e1m hal\u00e1l\u00e1nak a h\u00edre az utols\u00f3 csepp volt a poh\u00e1rban. Elkezdtem magamat okolni minden\u00e9rt. Biztos voltam benne, hogy anyuk\u00e1m miattam lett beteg, \u00e9s magamat okoltam a hal\u00e1l\u00e1\u00e9rt is. Ett\u0151l kezdve m\u00e9g sebesebben vetettem bele magam a drogokba \u00e9s pr\u00f3b\u00e1ltam t\u00fal\u00e9lni az \u00e9letemet.\u00a0<\/p>\r\n<p>\u00a0 \u00a0 \u00a0 \u00a0 \u00a0\u00c9desany\u00e1m hal\u00e1la ut\u00e1n f\u00e9l \u00e9vvel kezdtem el keresni...... valamit, ami nagyobb n\u00e1lam \u00e9s k\u00e9pes a romokban hever\u0151 \u00e9letemet \u00fajra \u00f6sszerakni. Ekkor kezdtem el a spiritu\u00e1lis utamat, mely az elej\u00e9n egy sz\u00e9lmalomharcnak t\u0171nt. Az \u00f6sszes tan\u00edt\u00e1s k\u00f6z\u00fcl csak azt hallottam meg, hogy \"v\u00e1ltoztasd meg a gondolkod\u00e1sod\", \"Ne feledkezz meg a Vonz\u00e1s T\u00f6rv\u00e9ny\u00e9r\u0151l.\" Kezdetben volt nekem az Univerzum, akit\u0151l tudtam, hogy k\u00e9rhetek b\u00e1rmit. K\u00e9rtem is.... p\u00e9nzt, j\u00f3 sokat, meg gazdags\u00e1got \u00e9s mindent, ami t\u00e1pl\u00e1lja az eg\u00f3mat.\u00a0 Kezdtem is \u00e9rezni a j\u00f3t\u00e9kony hat\u00e1s\u00e1t az \u00e9letemre n\u00e9zve, de kev\u00e9snek bizonyult, mert olyan lett az \u00e9letem, mint egy hull\u00e1mvas\u00fat. Hol fent voltam, hol lent. Fogalmam sem volt ekkor m\u00e9g, hogy mik is azok a dolgok, melyekt\u0151l igaz\u00e1n gazdag lehetek.\u00a0 Sorra sodort el\u00e9m a sors olyan embereket \u00e9s esem\u00e9nyeket, akikt\u0151l \u00e9s amikb\u0151l tanulnom kellett volna, csak \u00e9ppen nem voltam m\u00e9g fel\u00e9bredve teljesen, \u00edgy nem is l\u00e1ttam tiszt\u00e1n. Majd ism\u00e9t f\u00e9l \u00e9v eltelt\u00e9vel ism\u00e9t a drogok hat\u00e1s\u00e1ra hal\u00e1lk\u00f6zeli \u00e1llapotba ker\u00fcltem. Ekkor tal\u00e1lkoztam \u00fajra az \u00e9desany\u00e1mmal, aki a Mennyorsz\u00e1g kapuj\u00e1ban \u00e1llt csod\u00e1latosan ragyog\u00f3 feh\u00e9r ruh\u00e1ban, csillog\u00f3 szeretettel teli arca bele\u00e9gett az eml\u00e9kezetembe. Nem maradhattam vele, m\u00e9g nem j\u00f6tt el az id\u0151m, de minden megv\u00e1ltozott.<\/p>\r\n<p><img class=\"alignnone size-full wp-image-115\" src=\"https:\/\/anzo.cafeblog.hu\/files\/2017\/10\/gyertya.jpg\" alt=\"\" width=\"259\" height=\"194\" \/><\/p>\r\n<p>\u00a0 \u00a0 \u00a0 \u00a0Ebben a f\u00f6ld\u00f6nt\u00fali kalandban kaptam meg \u00e9letem legnagyobb aj\u00e1nd\u00e9k\u00e1t, amit ember csak kaphat. Hitet.... S mivel j\u00f3magam el\u00e9g racion\u00e1lis voltam, csak pislogtam, hogy mi is t\u00f6rt\u00e9nik???? P\u00e1r h\u00f3napig \u00fagy \u00e9reztem magam, mint aki meg\u0151r\u00fclt, \u00e9s persze a k\u00f6rnyezetem sz\u00edvesen al\u00e1t\u00e1masztotta ezt a diagn\u00f3zist. Szerencs\u00e9mre mindig akadt valaki, aki meg\u00e9rtett, mivel \u0151k m\u00e1r tudt\u00e1k, hogy meg lettem v\u00e1ltva, csak \u00e9n m\u00e9g nem tudok r\u00f3la. Ekkor egy p\u00e1r h\u00f3napra elvonultam. Ezt az id\u0151t arra haszn\u00e1ltam, hogy tanuljak \u00e9s meg\u00e9rtsek dolgokat \u00e9s ami a legfontosabb megkeressem Istent, mert f\u0171t\u00f6tt a tud\u00e1sv\u00e1gy \u00e9s r\u00e9szese akartam lenni ennek a miszt\u00e9riumnak.\u00a0<\/p>\r\n<p>\u00a0 \u00a0 \u00a0 \u00a0Most pedig ugorjunk egy kicsit az id\u0151ben. Egy p\u00e1r h\u00f3napja, amikorra siker\u00fclt letiszt\u00e1znom magamban dolgokat \u00e9s siker\u00fclt ki\u00e9rt\u00e9kelnem az \u00e9letemet csod\u00e1latos dolgokat fedeztem fel. Sorra r\u00e1gtam \u00e1t magam a megbocs\u00e1jt\u00e1s, elfogad\u00e1s \u00e9s felt\u00e9tel n\u00e9lk\u00fcli szeretet \u00f6r\u00f6mteli, de neh\u00e9z \u00f6sv\u00e9nyein \u00e9s d\u00f6bbentem r\u00e1, hogy az \u00e9letem csak \u00fagy lehet teljes, ha elfogadom, hogy a sz\u00fcleim a t\u0151l\u00fck telhet\u0151 legt\u00f6bbet adt\u00e1k nekem, hogy mindenki k\u00f6vethet el hib\u00e1t \u00e9s, hogy nem \u00e9lhet\u00fcnk s\u00e9relemmel \u00e9s b\u0171ntudattal a sz\u00edv\u00fcnkben. B\u00e1r az igaz, hogy a fizikai \u00e9letben elvesz\u00edtettem az anyuk\u00e1mat, m\u00e9gis \u00e9l\u0151bben van velem, mint valaha. R\u00e1\u00e9bredtem arra, hogy \u00e9desany\u00e1m \u00e9let\u00e9ben is felt\u00e9tel n\u00e9lk\u00fcl szeretett engem, \u00edgy ezt nem sz\u00fcks\u00e9ges keresnem, hisz ezer bizony\u00edt\u00e9kot adott r\u00e1 az \u00e9let.\u00a0 Mostanra biztosan \u00e9rzem, hogy az \u0150rangyalom lett. Sokszor hallom, ahogy a nevemen sz\u00f3l\u00edt, l\u00e1tom a szem\u00e9t a szememben, hallom a hangj\u00e1t a hangomban. Ha j\u00f3l belegondolok, \u00fagy alakult minden, hogy sokkal t\u00f6bbet tud nekem \"oda\u00e1tr\u00f3l\" seg\u00edteni, mert \u00edgy nem k\u00f6tik a f\u00f6ldi korl\u00e1tok \u00e9s biztos vagyok benne, hogy ez volt a terv r\u00e9sze. Siker\u00fclt lebontanom az elm\u00e9mben azt a falat, mely elv\u00e1lasztott azokt\u00f3l, akik elhagyt\u00e1k e F\u00f6ldet. Megpr\u00f3b\u00e1lom l\u00e1tni a k\u00e9pben a k\u00e9pet, mely sok mindenre v\u00e1laszt ad az \u00e9letemben. Meg\u00e9rtem v\u00e9gre, hogy minden az \u00e9n hitem szerint van. S m\u00edg \u00e9n abban hiszek, hogy az \u00e9let \u00d6r\u00f6k, \u00e9s a hal\u00e1l csak az itteni l\u00e9t lez\u00e1r\u00e1sa, addig ebben megtal\u00e1lom a b\u00e9kess\u00e9gemet.\u00a0<\/p>\r\n<p><img class=\"alignnone size-medium wp-image-13\" src=\"https:\/\/anzo.cafeblog.hu\/files\/2017\/10\/alomtunder-300x150.jpg\" alt=\"\" width=\"300\" height=\"150\" \/><\/p>\r\n<p>\u00a0 \u00a0 K\u00f6sz\u00f6n\u00f6m, hogy megoszthattam veletek \u00e9letem legf\u00e1j\u00f3bb \u00e9s legcsod\u00e1latosabb \u00e9lm\u00e9ny\u00e9t \u00e9s engedj\u00e9tek meg nekem, hogy megosszak m\u00e9g egy p\u00e1r gondolatot, melyek mank\u00f3k lehetnek azoknak a lelkeknek, akik a felemelked\u00e9s megr\u00e1z\u00f3 id\u0151szak\u00e1t \u00e9lik. Tudom \u00e9s \u00e9rzem a saj\u00e1t b\u0151r\u00f6m\u00f6n, hogy milyen l\u00e9lekcib\u00e1l\u00f3 ez az eg\u00e9sz, ami k\u00f6r\u00fcl\u00f6tt\u00fcnk zajlik, de adjon nektek er\u0151t az, hogy a Mi Mennyei Aty\u00e1nk nagyon is j\u00f3l tudja mit csin\u00e1l.\u00a0 Richard Rohr Atya szerint: \"Mi villanyk\u00f6rt\u00e9k vagyunk, csak az a dolgunk, hogy szil\u00e1rdan megmaradjunk a foglalatunkban.\" Ezzel vigasztallak \u00e9n is titeket. B\u00e1rmennyire is gonosznak t\u0171nik most a vil\u00e1g, ti csak szeressetek. B\u00e1rmennyire is f\u00e1jdalmas cipelni a terheket, ti csak seg\u00edtsetek. B\u00e1rmennyire is pr\u00f3b\u00e1l terjedni a s\u00f6t\u00e9t, Ti csak ragyogjatok.\u00a0<\/p>\r\n<p>\u00a0 \u00a0 \u00a0 H\u00e1l\u00e1t adok Istennek \u00e9rted \u00e9s a szeretteid\u00e9rt \u00e9s k\u00edv\u00e1nom, hogy az \u0150 orc\u00e1ja ragyogjon r\u00e1tok. K\u00f6sz\u00f6n\u00f6m, hogy velem t\u00f6lt\u00f6tted ezt a p\u00e1r percet.<\/p>\r\n<p>\u00c1ldott napot.<\/p>\r\n<p>M. Anna<\/p>\r\n<p>&nbsp;<\/p>\r\n<p>&nbsp;<\/p>","type":"rich","thumbnail_url":"https:\/\/anzo.cafeblog.hu\/files\/2017\/11\/kedvenc-150x150.jpg","thumbnail_width":150,"thumbnail_height":150}