{"version":"1.0","provider_name":"AnZo","provider_url":"https:\/\/anzo.cafeblog.hu","author_name":"M\u00fcller Anna","author_url":"https:\/\/anzo.cafeblog.hu\/author\/muller_anna\/","title":"\u00c9desap\u00e1m","html":"<p><img class=\"alignnone size-full wp-image-7\" src=\"https:\/\/anzo.cafeblog.hu\/files\/2017\/04\/pad.jpeg\" alt=\"\" width=\"251\" height=\"201\" \/><\/p>\r\n<p>Most, hogy k\u00f6zeledik a Halottak Napja Ez\u00faton szeretn\u00e9k megeml\u00e9kezni \u00e9desap\u00e1mr\u00f3l. Isten nyugosztaljon!<\/p>\r\n<p>\u00c9desap\u00e1m.<\/p>\r\n<p><br \/>\u00c9n maradtam volna m\u00e9g sok\u00e1ig veled.<br \/>De te eldobtad magadt\u00f3l az \u00e9leted.<br \/>Az \u0171r, mit magad ut\u00e1n hagyt\u00e1l.<br \/>Egy seb, mit m\u00e9lyen a sz\u00edvembe mart\u00e1l.<br \/><br \/>Hib\u00e1ztattam magamat \u00e9n nagyon sok\u00e1ig.<br \/>Mi\u00e9rt nem l\u00e1ttam, hogy eljutott\u00e1l od\u00e1ig? <br \/>Hogy itt hagyj mindenkit, ki szeret t\u00e9ged.<br \/>S \u00f6nkezeddel vess az \u00e9letednek v\u00e9get.<br \/><br \/>De ahogy telnek s m\u00falnak az \u00e9vek.<br \/>Egyre t\u00f6bb mindent meg\u00e9rtek.<br \/>Tudom, m\u00e1r olyan neh\u00e9z volt a lelked,<br \/>Hogy \u00fagy \u00e9rezted, ezt meg kell tenned.<br \/><br \/>Csak azt rem\u00e9lem ett\u0151l szabad lett\u00e9l.<br \/>S nem b\u0171nh\u0151dsz m\u00e1r az\u00e9rt, amit tett\u00e9l.<br \/>B\u00edzom abban, hogy Isten kegyes volt veled.<br \/>\u00cdgy megtal\u00e1ltad a mennyorsz\u00e1gban a helyed.<br \/><br \/><\/p>\r\n<p><img class=\"alignnone size-medium wp-image-66\" src=\"https:\/\/anzo.cafeblog.hu\/files\/2017\/10\/714946_thumbnail-300x225.jpg\" alt=\"\" width=\"300\" height=\"225\" \/><\/p>\r\n<p>M.Anna<\/p>","type":"rich","thumbnail_url":"https:\/\/anzo.cafeblog.hu\/files\/2017\/04\/pad-150x150.jpeg","thumbnail_width":150,"thumbnail_height":150}