{"version":"1.0","provider_name":"AnZo","provider_url":"https:\/\/anzo.cafeblog.hu","author_name":"M\u00fcller Anna","author_url":"https:\/\/anzo.cafeblog.hu\/author\/muller_anna\/","title":"Cogito ergo sum.....","html":"<p><img class=\"alignnone size-full wp-image-39\" src=\"https:\/\/anzo.cafeblog.hu\/files\/2017\/10\/cropped-pillang\u00f3.jpg\" alt=\"\" width=\"187\" height=\"150\" \/><\/p>\r\n<p>Gondolkodom, teh\u00e1t vagyok? Mostan\u00e1ban rengeteget lehet hallani mindenf\u00e9le f\u00f3rumokon a gondolatok erej\u00e9r\u0151l, de v\u00e9lem\u00e9nyem szerint nem \u00e1rtana ennek a negat\u00edv hat\u00e1sait is sorra venn\u00fcnk. Van egy kedvenc mond\u00e1som, mely kell\u0151k\u00e9ppen visszat\u00fckr\u00f6zi, hogy mit is \u00e9rtek ez alatt.<\/p>\r\n<p><span style=\"color: #33cccc\">\"J\u00e1tszottam egy gondolattal, v\u00e9g\u00fcl a gondolat j\u00e1tszott velem.\"<\/span><\/p>\r\n<p>Amikor \u00e9let\u00fcnknek azt a szakasz\u00e1t \u00e9lj\u00fck, hogy semmi sem siker\u00fcl \u00fagy, ahogy szeretn\u00e9nk. Anyagi, munkahelyi \u00e9s p\u00e1rkapcsolati probl\u00e9m\u00e1kkal k\u00fczd\u00fcnk, sajnos be kell l\u00e1tnunk, hogy ez is a saj\u00e1t gondolataink eredm\u00e9nye. Mert amikor folyton azon r\u00e1g\u00f3dom, hogy semmire sincs p\u00e9nzem , szerencs\u00e9tlen vagyok \u00e9s m\u00e9g a p\u00e1rom sem szeret, akkor ez lesz a saj\u00e1t val\u00f3s\u00e1gunk. \u00a0\u00a0 \" J\u00e9zus azt tan\u00edtja : Legyen a ti hitetek szerint\".\u00a0\u00a0 \u00c9s ez a kegyetlen igazs\u00e1g!<\/p>\r\n<p>Ha \u00c9n azt hiszem magamr\u00f3l, hogy balszerencs\u00e9s vagyok, nem felelek meg az elv\u00e1r\u00e1soknak \u00e9s nem vagyok szerethet\u0151, akkor az bizony az \u00c9n hitem......, ami sajnos nem a legjobb dolgokat hozza bele az \u00e9letembe. Ugyan\u00fagy, ahogy a pozit\u00edv gondolkod\u00e1s befoly\u00e1solni tudja az \u00e9letemet j\u00f3 ir\u00e1nyba, ennek az ellenkez\u0151je is \u00edgy m\u0171k\u00f6dik. Tudom, hogy olcs\u00f3 k\u00f6zhelynek sz\u00e1m\u00edt, de val\u00f3ban igaz, hogy : Minden fejben d\u0151l el!<\/p>\r\n<p><img class=\"alignnone size-full wp-image-100\" src=\"https:\/\/anzo.cafeblog.hu\/files\/2017\/11\/lila-vir\u00e1g.jpg\" alt=\"\" width=\"276\" height=\"183\" \/><\/p>\r\n<p>Albert Einstein szerint: \"Egy probl\u00e9m\u00e1t soha nem oldhat meg ugyanaz a gondolkod\u00e1sm\u00f3d, mely a probl\u00e9m\u00e1t gener\u00e1lta.\"<\/p>\r\n<p>V\u00e1ltoztasd meg a gondolkod\u00e1sod \u00e9s megv\u00e1ltozik az eg\u00e9sz \u00e9leted!<\/p>\r\n<p>K\u00f6sz\u00f6n\u00f6m a figyelmet :)<\/p>\r\n<p>\u00c1ldott napot!<\/p>\r\n<p>M.Anna<\/p>","type":"rich","thumbnail_url":"https:\/\/anzo.cafeblog.hu\/files\/2017\/11\/sziv\u00e1rv\u00e1ny-v\u00edzes\u00e9s-150x150.jpg","thumbnail_width":150,"thumbnail_height":150}